{"id":3,"date":"2022-12-11T09:49:38","date_gmt":"2022-12-11T08:49:38","guid":{"rendered":"http:\/\/museedupegue.com\/?page_id=3"},"modified":"2026-03-30T12:59:35","modified_gmt":"2026-03-30T10:59:35","slug":"visitez-le-musee-archeologique-du-pegue","status":"publish","type":"page","link":"https:\/\/museedupegue.com\/index.php\/visitez-le-musee-archeologique-du-pegue\/","title":{"rendered":"Visitez le mus\u00e9e arch\u00e9ologique du P\u00e8gue"},"content":{"rendered":"\t\t<div data-elementor-type=\"wp-page\" data-elementor-id=\"3\" class=\"elementor elementor-3\">\n\t\t\t\t\t\t<section class=\"elementor-section elementor-top-section elementor-element elementor-element-4d3a6500 elementor-section-content-middle elementor-section-full_width elementor-section-height-min-height elementor-section-stretched elementor-section-height-default elementor-section-items-middle\" data-id=\"4d3a6500\" data-element_type=\"section\" data-e-type=\"section\" data-settings=\"{&quot;stretch_section&quot;:&quot;section-stretched&quot;}\">\n\t\t\t\t\t\t<div class=\"elementor-container elementor-column-gap-no\">\n\t\t\t\t\t<div class=\"elementor-column elementor-col-100 elementor-top-column elementor-element elementor-element-40e95cbd\" data-id=\"40e95cbd\" data-element_type=\"column\" data-e-type=\"column\">\n\t\t\t<div class=\"elementor-widget-wrap elementor-element-populated\">\n\t\t\t\t\t\t<section class=\"elementor-section elementor-inner-section elementor-element elementor-element-296e4d41 elementor-section-content-middle elementor-section-full_width elementor-section-height-default elementor-section-height-default\" data-id=\"296e4d41\" data-element_type=\"section\" data-e-type=\"section\">\n\t\t\t\t\t\t<div class=\"elementor-container elementor-column-gap-no\">\n\t\t\t\t\t<div class=\"elementor-column elementor-col-50 elementor-inner-column elementor-element elementor-element-64a1e7ea\" data-id=\"64a1e7ea\" data-element_type=\"column\" data-e-type=\"column\">\n\t\t\t<div class=\"elementor-widget-wrap elementor-element-populated\">\n\t\t\t\t\t\t<div class=\"elementor-element elementor-element-6ecaf40c elementor-widget elementor-widget-image\" data-id=\"6ecaf40c\" data-element_type=\"widget\" data-e-type=\"widget\" data-widget_type=\"image.default\">\n\t\t\t\t<div class=\"elementor-widget-container\">\n\t\t\t\t\t\t\t\t\t\t\t\t\t\t\t<img fetchpriority=\"high\" decoding=\"async\" width=\"1253\" height=\"996\" src=\"https:\/\/museedupegue.com\/wp-content\/uploads\/2024\/02\/une-photographie-prise-au-pegue-dans-les-annees-trente-sur-laquelle-figurent-la-famille-chauvin-et-l-abbe-tourasse-1410970708.jpg\" class=\"attachment-1536x1536 size-1536x1536 wp-image-288\" alt=\"\" srcset=\"https:\/\/museedupegue.com\/wp-content\/uploads\/2024\/02\/une-photographie-prise-au-pegue-dans-les-annees-trente-sur-laquelle-figurent-la-famille-chauvin-et-l-abbe-tourasse-1410970708.jpg 1253w, https:\/\/museedupegue.com\/wp-content\/uploads\/2024\/02\/une-photographie-prise-au-pegue-dans-les-annees-trente-sur-laquelle-figurent-la-famille-chauvin-et-l-abbe-tourasse-1410970708-300x238.jpg 300w, https:\/\/museedupegue.com\/wp-content\/uploads\/2024\/02\/une-photographie-prise-au-pegue-dans-les-annees-trente-sur-laquelle-figurent-la-famille-chauvin-et-l-abbe-tourasse-1410970708-1024x814.jpg 1024w, https:\/\/museedupegue.com\/wp-content\/uploads\/2024\/02\/une-photographie-prise-au-pegue-dans-les-annees-trente-sur-laquelle-figurent-la-famille-chauvin-et-l-abbe-tourasse-1410970708-768x610.jpg 768w\" sizes=\"(max-width: 1253px) 100vw, 1253px\" \/>\t\t\t\t\t\t\t\t\t\t\t\t\t\t\t<\/div>\n\t\t\t\t<\/div>\n\t\t\t\t\t<\/div>\n\t\t<\/div>\n\t\t\t\t<div class=\"elementor-column elementor-col-50 elementor-inner-column elementor-element elementor-element-69909f85\" data-id=\"69909f85\" data-element_type=\"column\" data-e-type=\"column\">\n\t\t\t<div class=\"elementor-widget-wrap elementor-element-populated\">\n\t\t\t\t\t\t<div class=\"elementor-element elementor-element-3740b4f3 elementor-widget elementor-widget-heading\" data-id=\"3740b4f3\" data-element_type=\"widget\" data-e-type=\"widget\" data-widget_type=\"heading.default\">\n\t\t\t\t<div class=\"elementor-widget-container\">\n\t\t\t\t\t<h2 class=\"elementor-heading-title elementor-size-default\">Tous les chemins m\u00e8nent au Mus\u00e9e Arch\u00e9ologique du P\u00e8gue : <\/h2>\t\t\t\t<\/div>\n\t\t\t\t<\/div>\n\t\t\t\t<div class=\"elementor-element elementor-element-71677fe5 elementor-widget__width-auto elementor-widget elementor-widget-text-editor\" data-id=\"71677fe5\" data-element_type=\"widget\" data-e-type=\"widget\" data-widget_type=\"text-editor.default\">\n\t\t\t\t<div class=\"elementor-widget-container\">\n\t\t\t\t\t\t\t\t\t<p><b>Adresse<\/b> : 2 rue du Donjon, 26770 LE PEGUE<\/p><p><b>En<\/b> <b>voiture<\/b> : Autoroute A7, sortie Boll\u00e8ne ou Mont\u00e9limar.\u00a0<br \/>Parkings disponibles \u00e0 proximit\u00e9 gratuits.\u00a0<\/p><p><b>Train<\/b> : Gares de Boll\u00e8ne et de Mont\u00e9limar.\u00a0<\/p><p><span style=\"font-family: var( --e-global-typography-text-font-family ), Sans-serif; background-color: var(--wp--preset--color--background);\"><b>En avion<\/b> : A\u00e9roport de N\u00eemes et de Avignon.<\/span><\/p>\t\t\t\t\t\t\t\t<\/div>\n\t\t\t\t<\/div>\n\t\t\t\t<div class=\"elementor-element elementor-element-f37935e elementor-widget elementor-widget-google_maps\" data-id=\"f37935e\" data-element_type=\"widget\" data-e-type=\"widget\" data-widget_type=\"google_maps.default\">\n\t\t\t\t<div class=\"elementor-widget-container\">\n\t\t\t\t\t\t\t<div class=\"elementor-custom-embed\">\n\t\t\t<iframe loading=\"lazy\"\n\t\t\t\t\tsrc=\"https:\/\/maps.google.com\/maps?q=Le%20P%C3%A8gue&#038;t=m&#038;z=9&#038;output=embed&#038;iwloc=near\"\n\t\t\t\t\ttitle=\"Le P\u00e8gue\"\n\t\t\t\t\taria-label=\"Le P\u00e8gue\"\n\t\t\t><\/iframe>\n\t\t<\/div>\n\t\t\t\t\t\t<\/div>\n\t\t\t\t<\/div>\n\t\t\t\t\t<\/div>\n\t\t<\/div>\n\t\t\t\t\t<\/div>\n\t\t<\/section>\n\t\t\t\t<section class=\"elementor-section elementor-inner-section elementor-element elementor-element-53762095 elementor-section-content-middle elementor-section-boxed elementor-section-height-default elementor-section-height-default\" data-id=\"53762095\" data-element_type=\"section\" data-e-type=\"section\">\n\t\t\t\t\t\t<div class=\"elementor-container elementor-column-gap-no\">\n\t\t\t\t\t<div class=\"elementor-column elementor-col-33 elementor-inner-column elementor-element elementor-element-2baee161\" data-id=\"2baee161\" data-element_type=\"column\" data-e-type=\"column\">\n\t\t\t<div class=\"elementor-widget-wrap elementor-element-populated\">\n\t\t\t\t\t\t<div class=\"elementor-element elementor-element-77e277ba elementor-widget elementor-widget-heading\" data-id=\"77e277ba\" data-element_type=\"widget\" data-e-type=\"widget\" data-widget_type=\"heading.default\">\n\t\t\t\t<div class=\"elementor-widget-container\">\n\t\t\t\t\t<h2 class=\"elementor-heading-title elementor-size-default\">D\u00e9couvrez nos tarifs  :<\/h2>\t\t\t\t<\/div>\n\t\t\t\t<\/div>\n\t\t\t\t<div class=\"elementor-element elementor-element-7aa6a555 elementor-widget elementor-widget-text-editor\" data-id=\"7aa6a555\" data-element_type=\"widget\" data-e-type=\"widget\" data-widget_type=\"text-editor.default\">\n\t\t\t\t<div class=\"elementor-widget-container\">\n\t\t\t\t\t\t\t\t\t<p><b>Entr\u00e9e<\/b> du mus\u00e9e <b>avec ou sans visite guid\u00e9e<\/b> du parcours permanent et de l&rsquo;exposition temporaire en cours.<\/p>\n<ul>\n<li style=\"text-align: left;\"><b>Entr\u00e9e<\/b> : 5\u20ac<\/li>\n<li style=\"text-align: left;\"><b>6\/17 ans<\/b> : 3\u20ac<\/li>\n<li style=\"text-align: left;\">Gratuit pour les <b>moins de 6 ans<\/b><\/li>\n<\/ul>\n<p><i>Billet unique, valable \u00e0 la journ\u00e9e<\/i><\/p>\n<p>Moyens de paiement \u00e0 l&rsquo;accueil du mus\u00e9e : <b>Esp\u00e8ces\/CB\/Ch\u00e8que<\/b><\/p>\n<p><b>Exceptions<\/b> : gratuit pour tous (parcours permanent + exposition temporaire) :\u00a0<span style=\"font-family: var( --e-global-typography-text-font-family ), Sans-serif; background-color: var(--wp--preset--color--background);\">Le week-end des Journ\u00e9es europ\u00e9ennes du patrimoine, lors de la Nuit europ\u00e9enne des mus\u00e9es et de certaines manifestations organis\u00e9es par le MAP (pour rester inform\u00e9, suivez-nous sur les r\u00e9seaux sociaux).\u00a0<\/span><\/p>\t\t\t\t\t\t\t\t<\/div>\n\t\t\t\t<\/div>\n\t\t\t\t\t<\/div>\n\t\t<\/div>\n\t\t\t\t<div class=\"elementor-column elementor-col-33 elementor-inner-column elementor-element elementor-element-7385acec\" data-id=\"7385acec\" data-element_type=\"column\" data-e-type=\"column\">\n\t\t\t<div class=\"elementor-widget-wrap elementor-element-populated\">\n\t\t\t\t\t\t<div class=\"elementor-element elementor-element-58b019f4 elementor-widget__width-initial elementor-widget elementor-widget-heading\" data-id=\"58b019f4\" data-element_type=\"widget\" data-e-type=\"widget\" data-widget_type=\"heading.default\">\n\t\t\t\t<div class=\"elementor-widget-container\">\n\t\t\t\t\t<h2 class=\"elementor-heading-title elementor-size-default\">Conseils et informations pour le confort de votre visite :<\/h2>\t\t\t\t<\/div>\n\t\t\t\t<\/div>\n\t\t\t\t<div class=\"elementor-element elementor-element-2c7a3d24 elementor-widget elementor-widget-text-editor\" data-id=\"2c7a3d24\" data-element_type=\"widget\" data-e-type=\"widget\" data-widget_type=\"text-editor.default\">\n\t\t\t\t<div class=\"elementor-widget-container\">\n\t\t\t\t\t\t\t\t\t<p><span style=\"text-align: start; background-color: #fcfbf8;\"><b>Situ\u00e9 au c\u0153ur de la Dr\u00f4me, le mus\u00e9e propose une immersion dans l\u2019histoire et l\u2019arch\u00e9ologie locale \u00e0 travers : <br \/><br \/>Temps<\/b> estim\u00e9 de visite : 1h30\/2h<\/span><\/p><p><span style=\"text-align: start; background-color: #fcfbf8;\">\u00a0<b>Photographie<\/b> sans flash autoris\u00e9es.\u00a0<\/span><\/p><p><span style=\"text-align: start; background-color: #fcfbf8;\">Nos amis les <b>animaux<\/b> doivent rester \u00e0 l&rsquo;ext\u00e9rieur du Mus\u00e9e (sauf chien guide).\u00a0<\/span><\/p>\t\t\t\t\t\t\t\t<\/div>\n\t\t\t\t<\/div>\n\t\t\t\t\t<\/div>\n\t\t<\/div>\n\t\t\t\t<div class=\"elementor-column elementor-col-33 elementor-inner-column elementor-element elementor-element-4d8363a\" data-id=\"4d8363a\" data-element_type=\"column\" data-e-type=\"column\">\n\t\t\t<div class=\"elementor-widget-wrap elementor-element-populated\">\n\t\t\t\t\t\t<div class=\"elementor-element elementor-element-60e67b4 elementor-widget__width-initial elementor-widget elementor-widget-heading\" data-id=\"60e67b4\" data-element_type=\"widget\" data-e-type=\"widget\" data-widget_type=\"heading.default\">\n\t\t\t\t<div class=\"elementor-widget-container\">\n\t\t\t\t\t<h2 class=\"elementor-heading-title elementor-size-default\">Jours d'ouvertures<\/h2>\t\t\t\t<\/div>\n\t\t\t\t<\/div>\n\t\t\t\t<div class=\"elementor-element elementor-element-0b1c4b9 elementor-widget elementor-widget-text-editor\" data-id=\"0b1c4b9\" data-element_type=\"widget\" data-e-type=\"widget\" data-widget_type=\"text-editor.default\">\n\t\t\t\t<div class=\"elementor-widget-container\">\n\t\t\t\t\t\t\t\t\t<h5 data-section-id=\"ibcgha\" data-start=\"160\" data-end=\"207\">Horaires du Mus\u00e9e Arch\u00e9ologique du P\u00e8gue<\/h5><p data-start=\"209\" data-end=\"429\">Vous pr\u00e9parez une <strong data-start=\"227\" data-end=\"262\">visite culturelle dans la Dr\u00f4me<\/strong> ou recherchez une id\u00e9e de sortie autour du P\u00e8gue ?<br data-start=\"313\" data-end=\"316\" \/>Le Mus\u00e9e Arch\u00e9ologique du P\u00e8gue vous accueille tout au long de l\u2019ann\u00e9e avec des horaires adapt\u00e9s selon la saison.<\/p><h6 data-section-id=\"1koj1sb\" data-start=\"436\" data-end=\"473\">Horaires d\u2019ouverture d\u00e9taill\u00e9s<\/h6><h6 data-start=\"475\" data-end=\"500\">Avril &amp; Octobre<\/h6><p data-start=\"501\" data-end=\"557\">Le mus\u00e9e est ouvert <strong data-start=\"521\" data-end=\"556\">tous les dimanches de 14h \u00e0 18h<\/strong>.<\/p><h6 data-start=\"559\" data-end=\"590\">Mai, Juin &amp; Septembre<\/h6><p data-start=\"591\" data-end=\"658\">Le mus\u00e9e est ouvert <strong data-start=\"611\" data-end=\"657\">tous les jours sauf le lundi, de 14h \u00e0 18h<\/strong>.<\/p><h6 data-start=\"660\" data-end=\"684\">Juillet &amp; Ao\u00fbt<\/h6><p data-start=\"685\" data-end=\"752\">Le mus\u00e9e est ouvert <strong data-start=\"705\" data-end=\"751\">tous les jours sauf le lundi, de 15h \u00e0 19h<\/strong>.<\/p><h6 data-start=\"754\" data-end=\"779\">Novembre \u00e0 Mars<\/h6><p data-start=\"780\" data-end=\"835\">Le mus\u00e9e est accessible <strong data-start=\"804\" data-end=\"834\">uniquement sur rendez-vous<\/strong>.<\/p><h6 data-section-id=\"1y33oiu\" data-start=\"842\" data-end=\"872\">Visites sur rendez-vous<\/h6><p data-start=\"874\" data-end=\"1040\">En dehors des p\u00e9riodes d\u2019ouverture, il est possible d\u2019organiser une visite (groupes, scolaires, visites priv\u00e9es).<br \/><br data-start=\"987\" data-end=\"990\" \/><strong data-start=\"993\" data-end=\"1040\">R\u00e9servation par t\u00e9l\u00e9phone : 04 75 53 68 21<\/strong><\/p>\t\t\t\t\t\t\t\t<\/div>\n\t\t\t\t<\/div>\n\t\t\t\t\t<\/div>\n\t\t<\/div>\n\t\t\t\t\t<\/div>\n\t\t<\/section>\n\t\t\t\t\t<\/div>\n\t\t<\/div>\n\t\t\t\t\t<\/div>\n\t\t<\/section>\n\t\t\t\t<section class=\"elementor-section elementor-top-section elementor-element elementor-element-70b3f9a elementor-section-content-middle elementor-section-full_width elementor-section-height-min-height elementor-section-stretched elementor-section-height-default elementor-section-items-middle\" data-id=\"70b3f9a\" data-element_type=\"section\" data-e-type=\"section\" data-settings=\"{&quot;stretch_section&quot;:&quot;section-stretched&quot;}\">\n\t\t\t\t\t\t<div class=\"elementor-container elementor-column-gap-no\">\n\t\t\t\t\t<div class=\"elementor-column elementor-col-100 elementor-top-column elementor-element elementor-element-bb95a94\" data-id=\"bb95a94\" data-element_type=\"column\" data-e-type=\"column\">\n\t\t\t<div class=\"elementor-widget-wrap elementor-element-populated\">\n\t\t\t\t\t\t<section class=\"elementor-section elementor-inner-section elementor-element elementor-element-f8e87d9 elementor-section-content-middle elementor-section-full_width elementor-section-height-default elementor-section-height-default\" data-id=\"f8e87d9\" data-element_type=\"section\" data-e-type=\"section\">\n\t\t\t\t\t\t<div class=\"elementor-container elementor-column-gap-no\">\n\t\t\t\t\t<div class=\"elementor-column elementor-col-100 elementor-inner-column elementor-element elementor-element-3819bd9\" data-id=\"3819bd9\" data-element_type=\"column\" data-e-type=\"column\">\n\t\t\t<div class=\"elementor-widget-wrap elementor-element-populated\">\n\t\t\t\t\t\t<div class=\"elementor-element elementor-element-97361d1 elementor-widget elementor-widget-heading\" data-id=\"97361d1\" data-element_type=\"widget\" data-e-type=\"widget\" data-widget_type=\"heading.default\">\n\t\t\t\t<div class=\"elementor-widget-container\">\n\t\t\t\t\t<h2 class=\"elementor-heading-title elementor-size-default\">FAQ \u2013 Horaires du mus\u00e9e<\/h2>\t\t\t\t<\/div>\n\t\t\t\t<\/div>\n\t\t\t\t<div class=\"elementor-element elementor-element-2f77fc6 elementor-widget__width-auto elementor-widget elementor-widget-text-editor\" data-id=\"2f77fc6\" data-element_type=\"widget\" data-e-type=\"widget\" data-widget_type=\"text-editor.default\">\n\t\t\t\t<div class=\"elementor-widget-container\">\n\t\t\t\t\t\t\t\t\t<p style=\"text-align: center;\" data-start=\"1401\" data-end=\"1587\"><strong data-start=\"1401\" data-end=\"1443\">Le mus\u00e9e est-il ouvert toute l\u2019ann\u00e9e ?<\/strong><br data-start=\"1443\" data-end=\"1446\" \/>Oui, le mus\u00e9e est ouvert toute l\u2019ann\u00e9e, avec des horaires variables selon la saison. Une visite sur rendez-vous est possible en basse saison.<\/p><p style=\"text-align: center;\" data-start=\"1589\" data-end=\"1702\"><strong>Peut-on visiter le mus\u00e9e en semaine ?<\/strong><br data-start=\"1630\" data-end=\"1633\" \/>Oui, de mai \u00e0 septembre (hors lundi), le mus\u00e9e est ouvert en semaine.<\/p><p style=\"text-align: center;\" data-start=\"1704\" data-end=\"1808\"><strong data-start=\"1704\" data-end=\"1744\">Le mus\u00e9e est-il ouvert le dimanche ?<\/strong><br data-start=\"1744\" data-end=\"1747\" \/>Oui, notamment en avril et octobre, ainsi qu\u2019en haute saison.<\/p>\t\t\t\t\t\t\t\t<\/div>\n\t\t\t\t<\/div>\n\t\t\t\t\t<\/div>\n\t\t<\/div>\n\t\t\t\t\t<\/div>\n\t\t<\/section>\n\t\t\t\t\t<\/div>\n\t\t<\/div>\n\t\t\t\t\t<\/div>\n\t\t<\/section>\n\t\t\t\t<\/div>\n\t\t","protected":false},"excerpt":{"rendered":"<p>Tous les chemins m\u00e8nent au Mus\u00e9e Arch\u00e9ologique du P\u00e8gue : Adresse : 2 rue du Donjon, 26770 LE PEGUE En voiture : Autoroute A7, sortie Boll\u00e8ne ou Mont\u00e9limar.\u00a0Parkings disponibles \u00e0 proximit\u00e9 gratuits.\u00a0 Train : Gares de Boll\u00e8ne et de Mont\u00e9limar.\u00a0 En avion : A\u00e9roport de N\u00eemes et de Avignon. D\u00e9couvrez nos tarifs : Entr\u00e9e du [&hellip;]<\/p>\n","protected":false},"author":1,"featured_media":0,"parent":0,"menu_order":3,"comment_status":"closed","ping_status":"closed","template":"","meta":{"_monsterinsights_skip_tracking":false,"_monsterinsights_sitenote_active":false,"_monsterinsights_sitenote_note":"","_monsterinsights_sitenote_category":0,"footnotes":""},"class_list":["post-3","page","type-page","status-publish","hentry"],"yoast_head":"<!-- This site is optimized with the Yoast SEO plugin v27.5 - https:\/\/yoast.com\/product\/yoast-seo-wordpress\/ -->\n<title>Visitez le mus\u00e9e arch\u00e9ologique du P\u00e8gue - Mus\u00e9e Arch\u00e9ologique du P\u00e8gue<\/title>\n<meta name=\"robots\" content=\"index, follow, max-snippet:-1, max-image-preview:large, max-video-preview:-1\" \/>\n<link rel=\"canonical\" href=\"https:\/\/museedupegue.com\/index.php\/visitez-le-musee-archeologique-du-pegue\/\" \/>\n<meta property=\"og:locale\" content=\"fr_FR\" \/>\n<meta property=\"og:type\" content=\"article\" \/>\n<meta property=\"og:title\" content=\"Visitez le mus\u00e9e arch\u00e9ologique du P\u00e8gue - Mus\u00e9e Arch\u00e9ologique du P\u00e8gue\" \/>\n<meta property=\"og:description\" content=\"Tous les chemins m\u00e8nent au Mus\u00e9e Arch\u00e9ologique du P\u00e8gue : Adresse : 2 rue du Donjon, 26770 LE PEGUE En voiture : Autoroute A7, sortie Boll\u00e8ne ou Mont\u00e9limar.\u00a0Parkings disponibles \u00e0 proximit\u00e9 gratuits.\u00a0 Train : Gares de Boll\u00e8ne et de Mont\u00e9limar.\u00a0 En avion : A\u00e9roport de N\u00eemes et de Avignon. D\u00e9couvrez nos tarifs : Entr\u00e9e du [&hellip;]\" \/>\n<meta property=\"og:url\" content=\"https:\/\/museedupegue.com\/index.php\/visitez-le-musee-archeologique-du-pegue\/\" \/>\n<meta property=\"og:site_name\" content=\"Mus\u00e9e Arch\u00e9ologique du P\u00e8gue\" \/>\n<meta property=\"article:publisher\" content=\"https:\/\/www.facebook.com\/MuseeArcheologiqueLePegue\" \/>\n<meta property=\"article:modified_time\" content=\"2026-03-30T10:59:35+00:00\" \/>\n<meta property=\"og:image\" content=\"https:\/\/museedupegue.com\/wp-content\/uploads\/2024\/02\/une-photographie-prise-au-pegue-dans-les-annees-trente-sur-laquelle-figurent-la-famille-chauvin-et-l-abbe-tourasse-1410970708.jpg\" \/>\n\t<meta property=\"og:image:width\" content=\"1253\" \/>\n\t<meta property=\"og:image:height\" content=\"996\" \/>\n\t<meta property=\"og:image:type\" content=\"image\/jpeg\" \/>\n<meta name=\"twitter:card\" content=\"summary_large_image\" \/>\n<meta name=\"twitter:label1\" content=\"Dur\u00e9e de lecture estim\u00e9e\" \/>\n\t<meta name=\"twitter:data1\" content=\"3 minutes\" \/>\n<script type=\"application\/ld+json\" class=\"yoast-schema-graph\">{\"@context\":\"https:\\\/\\\/schema.org\",\"@graph\":[{\"@type\":\"WebPage\",\"@id\":\"https:\\\/\\\/museedupegue.com\\\/index.php\\\/visitez-le-musee-archeologique-du-pegue\\\/\",\"url\":\"https:\\\/\\\/museedupegue.com\\\/index.php\\\/visitez-le-musee-archeologique-du-pegue\\\/\",\"name\":\"Visitez le mus\u00e9e arch\u00e9ologique du P\u00e8gue - Mus\u00e9e Arch\u00e9ologique du P\u00e8gue\",\"isPartOf\":{\"@id\":\"https:\\\/\\\/museedupegue.com\\\/#website\"},\"primaryImageOfPage\":{\"@id\":\"https:\\\/\\\/museedupegue.com\\\/index.php\\\/visitez-le-musee-archeologique-du-pegue\\\/#primaryimage\"},\"image\":{\"@id\":\"https:\\\/\\\/museedupegue.com\\\/index.php\\\/visitez-le-musee-archeologique-du-pegue\\\/#primaryimage\"},\"thumbnailUrl\":\"https:\\\/\\\/museedupegue.com\\\/wp-content\\\/uploads\\\/2024\\\/02\\\/une-photographie-prise-au-pegue-dans-les-annees-trente-sur-laquelle-figurent-la-famille-chauvin-et-l-abbe-tourasse-1410970708.jpg\",\"datePublished\":\"2022-12-11T08:49:38+00:00\",\"dateModified\":\"2026-03-30T10:59:35+00:00\",\"breadcrumb\":{\"@id\":\"https:\\\/\\\/museedupegue.com\\\/index.php\\\/visitez-le-musee-archeologique-du-pegue\\\/#breadcrumb\"},\"inLanguage\":\"fr-FR\",\"potentialAction\":[{\"@type\":\"ReadAction\",\"target\":[\"https:\\\/\\\/museedupegue.com\\\/index.php\\\/visitez-le-musee-archeologique-du-pegue\\\/\"]}]},{\"@type\":\"ImageObject\",\"inLanguage\":\"fr-FR\",\"@id\":\"https:\\\/\\\/museedupegue.com\\\/index.php\\\/visitez-le-musee-archeologique-du-pegue\\\/#primaryimage\",\"url\":\"https:\\\/\\\/museedupegue.com\\\/wp-content\\\/uploads\\\/2024\\\/02\\\/une-photographie-prise-au-pegue-dans-les-annees-trente-sur-laquelle-figurent-la-famille-chauvin-et-l-abbe-tourasse-1410970708.jpg\",\"contentUrl\":\"https:\\\/\\\/museedupegue.com\\\/wp-content\\\/uploads\\\/2024\\\/02\\\/une-photographie-prise-au-pegue-dans-les-annees-trente-sur-laquelle-figurent-la-famille-chauvin-et-l-abbe-tourasse-1410970708.jpg\",\"width\":1253,\"height\":996},{\"@type\":\"BreadcrumbList\",\"@id\":\"https:\\\/\\\/museedupegue.com\\\/index.php\\\/visitez-le-musee-archeologique-du-pegue\\\/#breadcrumb\",\"itemListElement\":[{\"@type\":\"ListItem\",\"position\":1,\"name\":\"Accueil\",\"item\":\"https:\\\/\\\/museedupegue.com\\\/\"},{\"@type\":\"ListItem\",\"position\":2,\"name\":\"Visitez le mus\u00e9e arch\u00e9ologique du P\u00e8gue\"}]},{\"@type\":\"WebSite\",\"@id\":\"https:\\\/\\\/museedupegue.com\\\/#website\",\"url\":\"https:\\\/\\\/museedupegue.com\\\/\",\"name\":\"Mus\u00e9e Arch\u00e9ologique du P\u00e8gue\",\"description\":\"Mus\u00e9e de site unique au monde !\",\"publisher\":{\"@id\":\"https:\\\/\\\/museedupegue.com\\\/#organization\"},\"potentialAction\":[{\"@type\":\"SearchAction\",\"target\":{\"@type\":\"EntryPoint\",\"urlTemplate\":\"https:\\\/\\\/museedupegue.com\\\/?s={search_term_string}\"},\"query-input\":{\"@type\":\"PropertyValueSpecification\",\"valueRequired\":true,\"valueName\":\"search_term_string\"}}],\"inLanguage\":\"fr-FR\"},{\"@type\":\"Organization\",\"@id\":\"https:\\\/\\\/museedupegue.com\\\/#organization\",\"name\":\"Mus\u00e9e Arch\u00e9ologique du P\u00e8gue\",\"url\":\"https:\\\/\\\/museedupegue.com\\\/\",\"logo\":{\"@type\":\"ImageObject\",\"inLanguage\":\"fr-FR\",\"@id\":\"https:\\\/\\\/museedupegue.com\\\/#\\\/schema\\\/logo\\\/image\\\/\",\"url\":\"https:\\\/\\\/museedupegue.com\\\/wp-content\\\/uploads\\\/2022\\\/12\\\/capture-logo-1.png\",\"contentUrl\":\"https:\\\/\\\/museedupegue.com\\\/wp-content\\\/uploads\\\/2022\\\/12\\\/capture-logo-1.png\",\"width\":314,\"height\":311,\"caption\":\"Mus\u00e9e Arch\u00e9ologique du P\u00e8gue\"},\"image\":{\"@id\":\"https:\\\/\\\/museedupegue.com\\\/#\\\/schema\\\/logo\\\/image\\\/\"},\"sameAs\":[\"https:\\\/\\\/www.facebook.com\\\/MuseeArcheologiqueLePegue\",\"https:\\\/\\\/www.instagram.com\\\/museearcheologiquelepegue\\\/\"]}]}<\/script>\n<!-- \/ Yoast SEO plugin. -->","yoast_head_json":{"title":"Visitez le mus\u00e9e arch\u00e9ologique du P\u00e8gue - Mus\u00e9e Arch\u00e9ologique du P\u00e8gue","robots":{"index":"index","follow":"follow","max-snippet":"max-snippet:-1","max-image-preview":"max-image-preview:large","max-video-preview":"max-video-preview:-1"},"canonical":"https:\/\/museedupegue.com\/index.php\/visitez-le-musee-archeologique-du-pegue\/","og_locale":"fr_FR","og_type":"article","og_title":"Visitez le mus\u00e9e arch\u00e9ologique du P\u00e8gue - Mus\u00e9e Arch\u00e9ologique du P\u00e8gue","og_description":"Tous les chemins m\u00e8nent au Mus\u00e9e Arch\u00e9ologique du P\u00e8gue : Adresse : 2 rue du Donjon, 26770 LE PEGUE En voiture : Autoroute A7, sortie Boll\u00e8ne ou Mont\u00e9limar.\u00a0Parkings disponibles \u00e0 proximit\u00e9 gratuits.\u00a0 Train : Gares de Boll\u00e8ne et de Mont\u00e9limar.\u00a0 En avion : A\u00e9roport de N\u00eemes et de Avignon. D\u00e9couvrez nos tarifs : Entr\u00e9e du [&hellip;]","og_url":"https:\/\/museedupegue.com\/index.php\/visitez-le-musee-archeologique-du-pegue\/","og_site_name":"Mus\u00e9e Arch\u00e9ologique du P\u00e8gue","article_publisher":"https:\/\/www.facebook.com\/MuseeArcheologiqueLePegue","article_modified_time":"2026-03-30T10:59:35+00:00","og_image":[{"width":1253,"height":996,"url":"https:\/\/museedupegue.com\/wp-content\/uploads\/2024\/02\/une-photographie-prise-au-pegue-dans-les-annees-trente-sur-laquelle-figurent-la-famille-chauvin-et-l-abbe-tourasse-1410970708.jpg","type":"image\/jpeg"}],"twitter_card":"summary_large_image","twitter_misc":{"Dur\u00e9e de lecture estim\u00e9e":"3 minutes"},"schema":{"@context":"https:\/\/schema.org","@graph":[{"@type":"WebPage","@id":"https:\/\/museedupegue.com\/index.php\/visitez-le-musee-archeologique-du-pegue\/","url":"https:\/\/museedupegue.com\/index.php\/visitez-le-musee-archeologique-du-pegue\/","name":"Visitez le mus\u00e9e arch\u00e9ologique du P\u00e8gue - Mus\u00e9e Arch\u00e9ologique du P\u00e8gue","isPartOf":{"@id":"https:\/\/museedupegue.com\/#website"},"primaryImageOfPage":{"@id":"https:\/\/museedupegue.com\/index.php\/visitez-le-musee-archeologique-du-pegue\/#primaryimage"},"image":{"@id":"https:\/\/museedupegue.com\/index.php\/visitez-le-musee-archeologique-du-pegue\/#primaryimage"},"thumbnailUrl":"https:\/\/museedupegue.com\/wp-content\/uploads\/2024\/02\/une-photographie-prise-au-pegue-dans-les-annees-trente-sur-laquelle-figurent-la-famille-chauvin-et-l-abbe-tourasse-1410970708.jpg","datePublished":"2022-12-11T08:49:38+00:00","dateModified":"2026-03-30T10:59:35+00:00","breadcrumb":{"@id":"https:\/\/museedupegue.com\/index.php\/visitez-le-musee-archeologique-du-pegue\/#breadcrumb"},"inLanguage":"fr-FR","potentialAction":[{"@type":"ReadAction","target":["https:\/\/museedupegue.com\/index.php\/visitez-le-musee-archeologique-du-pegue\/"]}]},{"@type":"ImageObject","inLanguage":"fr-FR","@id":"https:\/\/museedupegue.com\/index.php\/visitez-le-musee-archeologique-du-pegue\/#primaryimage","url":"https:\/\/museedupegue.com\/wp-content\/uploads\/2024\/02\/une-photographie-prise-au-pegue-dans-les-annees-trente-sur-laquelle-figurent-la-famille-chauvin-et-l-abbe-tourasse-1410970708.jpg","contentUrl":"https:\/\/museedupegue.com\/wp-content\/uploads\/2024\/02\/une-photographie-prise-au-pegue-dans-les-annees-trente-sur-laquelle-figurent-la-famille-chauvin-et-l-abbe-tourasse-1410970708.jpg","width":1253,"height":996},{"@type":"BreadcrumbList","@id":"https:\/\/museedupegue.com\/index.php\/visitez-le-musee-archeologique-du-pegue\/#breadcrumb","itemListElement":[{"@type":"ListItem","position":1,"name":"Accueil","item":"https:\/\/museedupegue.com\/"},{"@type":"ListItem","position":2,"name":"Visitez le mus\u00e9e arch\u00e9ologique du P\u00e8gue"}]},{"@type":"WebSite","@id":"https:\/\/museedupegue.com\/#website","url":"https:\/\/museedupegue.com\/","name":"Mus\u00e9e Arch\u00e9ologique du P\u00e8gue","description":"Mus\u00e9e de site unique au monde !","publisher":{"@id":"https:\/\/museedupegue.com\/#organization"},"potentialAction":[{"@type":"SearchAction","target":{"@type":"EntryPoint","urlTemplate":"https:\/\/museedupegue.com\/?s={search_term_string}"},"query-input":{"@type":"PropertyValueSpecification","valueRequired":true,"valueName":"search_term_string"}}],"inLanguage":"fr-FR"},{"@type":"Organization","@id":"https:\/\/museedupegue.com\/#organization","name":"Mus\u00e9e Arch\u00e9ologique du P\u00e8gue","url":"https:\/\/museedupegue.com\/","logo":{"@type":"ImageObject","inLanguage":"fr-FR","@id":"https:\/\/museedupegue.com\/#\/schema\/logo\/image\/","url":"https:\/\/museedupegue.com\/wp-content\/uploads\/2022\/12\/capture-logo-1.png","contentUrl":"https:\/\/museedupegue.com\/wp-content\/uploads\/2022\/12\/capture-logo-1.png","width":314,"height":311,"caption":"Mus\u00e9e Arch\u00e9ologique du P\u00e8gue"},"image":{"@id":"https:\/\/museedupegue.com\/#\/schema\/logo\/image\/"},"sameAs":["https:\/\/www.facebook.com\/MuseeArcheologiqueLePegue","https:\/\/www.instagram.com\/museearcheologiquelepegue\/"]}]}},"_links":{"self":[{"href":"https:\/\/museedupegue.com\/index.php\/wp-json\/wp\/v2\/pages\/3","targetHints":{"allow":["GET"]}}],"collection":[{"href":"https:\/\/museedupegue.com\/index.php\/wp-json\/wp\/v2\/pages"}],"about":[{"href":"https:\/\/museedupegue.com\/index.php\/wp-json\/wp\/v2\/types\/page"}],"author":[{"embeddable":true,"href":"https:\/\/museedupegue.com\/index.php\/wp-json\/wp\/v2\/users\/1"}],"replies":[{"embeddable":true,"href":"https:\/\/museedupegue.com\/index.php\/wp-json\/wp\/v2\/comments?post=3"}],"version-history":[{"count":109,"href":"https:\/\/museedupegue.com\/index.php\/wp-json\/wp\/v2\/pages\/3\/revisions"}],"predecessor-version":[{"id":533,"href":"https:\/\/museedupegue.com\/index.php\/wp-json\/wp\/v2\/pages\/3\/revisions\/533"}],"wp:attachment":[{"href":"https:\/\/museedupegue.com\/index.php\/wp-json\/wp\/v2\/media?parent=3"}],"curies":[{"name":"wp","href":"https:\/\/api.w.org\/{rel}","templated":true}]}}