{"id":36,"date":"2022-12-12T10:13:10","date_gmt":"2022-12-12T09:13:10","guid":{"rendered":"http:\/\/museedupegue.com\/?page_id=36"},"modified":"2026-03-30T12:54:08","modified_gmt":"2026-03-30T10:54:08","slug":"a-propos","status":"publish","type":"page","link":"https:\/\/museedupegue.com\/index.php\/a-propos\/","title":{"rendered":"A propos"},"content":{"rendered":"\t\t<div data-elementor-type=\"wp-page\" data-elementor-id=\"36\" class=\"elementor elementor-36\">\n\t\t\t\t\t\t<section class=\"elementor-section elementor-top-section elementor-element elementor-element-7802c25d elementor-section-content-middle elementor-section-stretched elementor-section-height-min-height elementor-section-boxed elementor-section-height-default elementor-section-items-middle\" data-id=\"7802c25d\" data-element_type=\"section\" data-e-type=\"section\" data-settings=\"{&quot;stretch_section&quot;:&quot;section-stretched&quot;}\">\n\t\t\t\t\t\t<div class=\"elementor-container elementor-column-gap-no\">\n\t\t\t\t\t<div class=\"elementor-column elementor-col-100 elementor-top-column elementor-element elementor-element-37b3dc6e\" data-id=\"37b3dc6e\" data-element_type=\"column\" data-e-type=\"column\">\n\t\t\t<div class=\"elementor-widget-wrap elementor-element-populated\">\n\t\t\t\t\t\t<div class=\"elementor-element elementor-element-40948784 elementor-widget elementor-widget-image\" data-id=\"40948784\" data-element_type=\"widget\" data-e-type=\"widget\" data-widget_type=\"image.default\">\n\t\t\t\t<div class=\"elementor-widget-container\">\n\t\t\t\t\t\t\t\t\t\t\t\t\t\t\t<img fetchpriority=\"high\" decoding=\"async\" width=\"750\" height=\"498\" src=\"https:\/\/museedupegue.com\/wp-content\/uploads\/2024\/02\/IMG_2677.jpg\" class=\"attachment-full size-full wp-image-253\" alt=\"\" srcset=\"https:\/\/museedupegue.com\/wp-content\/uploads\/2024\/02\/IMG_2677.jpg 750w, https:\/\/museedupegue.com\/wp-content\/uploads\/2024\/02\/IMG_2677-300x199.jpg 300w\" sizes=\"(max-width: 750px) 100vw, 750px\" \/>\t\t\t\t\t\t\t\t\t\t\t\t\t\t\t<\/div>\n\t\t\t\t<\/div>\n\t\t\t\t<div class=\"elementor-element elementor-element-118392ce elementor-widget elementor-widget-text-editor\" data-id=\"118392ce\" data-element_type=\"widget\" data-e-type=\"widget\" data-widget_type=\"text-editor.default\">\n\t\t\t\t<div class=\"elementor-widget-container\">\n\t\t\t\t\t\t\t\t\t<p><span style=\"font-weight: bold; color: #7a7a7a; font-size: 18px; text-align: justify;\">Situ\u00e9 \u00e0 348m d\u2019altitude, au pied de la montagne de la Lance (1340m), sur les premiers contreforts des Pr\u00e9alpes, le P\u00e8gue est un pittoresque petit village b\u00e2ti sur le rocher autour de son ch\u00e2teau m\u00e9di\u00e9val. Riche d\u2019une histoire de plus de 6000 ans, il se niche au bas de l\u2019oppidum protohistorique de la colline Saint Marcel.<\/span><\/p>\t\t\t\t\t\t\t\t<\/div>\n\t\t\t\t<\/div>\n\t\t\t\t<section class=\"elementor-section elementor-inner-section elementor-element elementor-element-3e7f68b1 elementor-section-boxed elementor-section-height-default elementor-section-height-default\" data-id=\"3e7f68b1\" data-element_type=\"section\" data-e-type=\"section\">\n\t\t\t\t\t\t<div class=\"elementor-container elementor-column-gap-default\">\n\t\t\t\t\t<div class=\"elementor-column elementor-col-50 elementor-inner-column elementor-element elementor-element-34593df0\" data-id=\"34593df0\" data-element_type=\"column\" data-e-type=\"column\">\n\t\t\t<div class=\"elementor-widget-wrap elementor-element-populated\">\n\t\t\t\t\t\t<div class=\"elementor-element elementor-element-48f9bfe elementor-widget elementor-widget-text-editor\" data-id=\"48f9bfe\" data-element_type=\"widget\" data-e-type=\"widget\" data-widget_type=\"text-editor.default\">\n\t\t\t\t<div class=\"elementor-widget-container\">\n\t\t\t\t\t\t\t\t\t<div style=\"flex-basis: var(--flex-basis); flex-grow: var(--flex-grow); flex-shrink: var(--flex-shrink); order: var(--order); align-self: center; flex-direction: var(--flex-direction); flex-wrap: var(--flex-wrap); justify-content: var(--justify-content); align-items: var(--align-items); align-content: var(--align-content); gap: var(--gap); --swiper-theme-color: #000; --swiper-navigation-size: 44px; --swiper-pagination-bullet-size: 6px; --swiper-pagination-bullet-horizontal-gap: 6px; --widgets-spacing: 20px 20px; color: #000000; font-family: var( --e-global-typography-text-font-family ), Sans-serif; width: auto; line-height: 2em;\" data-id=\"15b20002\" data-element_type=\"widget\" data-widget_type=\"text-editor.default\"><div style=\"transition: background .3s,border .3s,border-radius .3s,box-shadow .3s,transform var(--e-transform-transition-duration,.4s);\"><p style=\"font-weight: 600; color: #7a7a7a; font-size: 18px; text-align: justify;\"><span style=\"font-family: var( --e-global-typography-text-font-family ), Sans-serif; background-color: var(--wp--preset--color--background); font-weight: 300;\">Cet<\/span><span style=\"font-family: var( --e-global-typography-text-font-family ), Sans-serif; background-color: var(--wp--preset--color--background); font-weight: 300;\">\u00a0<\/span><b style=\"font-family: var( --e-global-typography-text-font-family ), Sans-serif; background-color: var(--wp--preset--color--background);\">oppidum<\/b><span style=\"font-family: var( --e-global-typography-text-font-family ), Sans-serif; background-color: var(--wp--preset--color--background); font-weight: 300;\">\u00a0<\/span><span style=\"font-family: var( --e-global-typography-text-font-family ), Sans-serif; background-color: var(--wp--preset--color--background); font-weight: 300;\">est class\u00e9 monument historique depuis 1993. Il est l\u2019un des trois sites majeurs de l\u2019\u00e2ge du Fer d\u00e9couverts au xx-\u00e8me si\u00e8cle, avec la Heuneburg en Allemagne et Vix en Bourgogne.\u00a0<\/span><\/p><p style=\"font-weight: 600; color: #7a7a7a; font-size: 18px; text-align: justify;\"><span style=\"background-color: var(--wp--preset--color--background); font-family: var( --e-global-typography-text-font-family ), Sans-serif; font-weight: 300;\">L<\/span><span style=\"font-family: var( --e-global-typography-text-font-family ), Sans-serif; font-weight: 300; background-color: var(--wp--preset--color--background);\">e <\/span><span style=\"font-family: var( --e-global-typography-text-font-family ), Sans-serif; font-weight: 300; background-color: var(--wp--preset--color--background);\">mus\u00e9e de site pr\u00e9sente des collections qui retracent la\u00a0longue histoire de cet habitat de hauteur,\u00a0situ\u00e9 au <\/span><span style=\"font-family: var( --e-global-typography-text-font-family ), Sans-serif; background-color: var(--wp--preset--color--background);\">carrefour<\/span><span style=\"font-family: var( --e-global-typography-text-font-family ), Sans-serif; font-weight: 300; background-color: var(--wp--preset--color--background);\"> des voies reliant le nord et le sud, l\u2019est et l\u2019ouest. Cette <\/span><span style=\"font-family: var( --e-global-typography-text-font-family ), Sans-serif; background-color: var(--wp--preset--color--background);\">position parfaite<\/span><span style=\"font-family: var( --e-global-typography-text-font-family ), Sans-serif; font-weight: 300; background-color: var(--wp--preset--color--background);\"> a favoris\u00e9 un commerce important tel celui du <\/span><span style=\"font-family: var( --e-global-typography-text-font-family ), Sans-serif; background-color: var(--wp--preset--color--background);\">vin<\/span><span style=\"font-family: var( --e-global-typography-text-font-family ), Sans-serif; font-weight: 300; background-color: var(--wp--preset--color--background);\"> entre le monde <\/span><span style=\"font-family: var( --e-global-typography-text-font-family ), Sans-serif; background-color: var(--wp--preset--color--background);\">m\u00e9diterran\u00e9en<\/span><span style=\"font-family: var( --e-global-typography-text-font-family ), Sans-serif; font-weight: 300; background-color: var(--wp--preset--color--background);\"> et le monde <\/span><span style=\"font-family: var( --e-global-typography-text-font-family ), Sans-serif; background-color: var(--wp--preset--color--background);\">celte<\/span><span style=\"font-family: var( --e-global-typography-text-font-family ), Sans-serif; font-weight: 300; background-color: var(--wp--preset--color--background);\"> du VI\u00e8me au IV\u00e8me si\u00e8cle avant J.C.<\/span><\/p><p style=\"font-weight: 600; color: #7a7a7a; font-size: 18px; text-align: justify;\"><span style=\"font-family: var( --e-global-typography-text-font-family ), Sans-serif; font-weight: 300; background-color: var(--wp--preset--color--background);\">Les nombreux objets expos\u00e9s dont de <\/span><b style=\"font-family: var( --e-global-typography-text-font-family ), Sans-serif; background-color: var(--wp--preset--color--background);\">magnifiques c\u00e9ramiques indig\u00e8nes<\/b><span style=\"font-family: var( --e-global-typography-text-font-family ), Sans-serif; font-weight: 300; background-color: var(--wp--preset--color--background);\"> et <\/span><b style=\"font-family: var( --e-global-typography-text-font-family ), Sans-serif; background-color: var(--wp--preset--color--background);\">d\u2019importation<\/b><span style=\"font-family: var( --e-global-typography-text-font-family ), Sans-serif; font-weight: 300; background-color: var(--wp--preset--color--background);\">, \u00e9voquent la <\/span><b style=\"font-family: var( --e-global-typography-text-font-family ), Sans-serif; background-color: var(--wp--preset--color--background);\">vie<\/b><span style=\"font-family: var( --e-global-typography-text-font-family ), Sans-serif; font-weight: 300; background-color: var(--wp--preset--color--background);\"> des aristocrates, des artisans, des cultivateurs et <\/span><b style=\"font-family: var( --e-global-typography-text-font-family ), Sans-serif; background-color: var(--wp--preset--color--background);\">t\u00e9moignent<\/b><span style=\"font-family: var( --e-global-typography-text-font-family ), Sans-serif; font-weight: 300; background-color: var(--wp--preset--color--background);\"> de p\u00e9riodes florissantes puis de crises.\u00a0<\/span><\/p><p style=\"font-weight: 600; color: #7a7a7a; font-size: 18px; text-align: justify;\"><span style=\"font-family: var( --e-global-typography-text-font-family ), Sans-serif; background-color: var(--wp--preset--color--background);\">L\u2019int\u00e9r\u00eat<\/span><span style=\"font-family: var( --e-global-typography-text-font-family ), Sans-serif; font-weight: 300; background-color: var(--wp--preset--color--background);\">\u00a0et\u00a0<\/span><span style=\"font-family: var( --e-global-typography-text-font-family ), Sans-serif; background-color: var(--wp--preset--color--background);\">l\u2019originalit\u00e9<\/span><span style=\"font-family: var( --e-global-typography-text-font-family ), Sans-serif; font-weight: 300; background-color: var(--wp--preset--color--background);\">\u00a0du site r\u00e9sident dans sa production massive de c\u00e9ramique peinte \u00e0 p\u00e2te claire dite pseudo-ionienne qui d\u00e9montre l\u2019existence d\u2019\u00e9changes et d\u2019influences entre diff\u00e9rentes cultures notamment entre les\u00a0<\/span><span style=\"font-family: var( --e-global-typography-text-font-family ), Sans-serif; background-color: var(--wp--preset--color--background);\">Celtes et les Grecs<\/span><span style=\"font-family: var( --e-global-typography-text-font-family ), Sans-serif; font-weight: 300; background-color: var(--wp--preset--color--background);\">, loin de Marseille peu apr\u00e8s sa fondation.<\/span><\/p><\/div><\/div>\t\t\t\t\t\t\t\t<\/div>\n\t\t\t\t<\/div>\n\t\t\t\t\t<\/div>\n\t\t<\/div>\n\t\t\t\t<div class=\"elementor-column elementor-col-50 elementor-inner-column elementor-element elementor-element-69e4cfbb\" data-id=\"69e4cfbb\" data-element_type=\"column\" data-e-type=\"column\">\n\t\t\t<div class=\"elementor-widget-wrap elementor-element-populated\">\n\t\t\t\t\t\t<div class=\"elementor-element elementor-element-1b70729f elementor-widget elementor-widget-text-editor\" data-id=\"1b70729f\" data-element_type=\"widget\" data-e-type=\"widget\" data-widget_type=\"text-editor.default\">\n\t\t\t\t<div class=\"elementor-widget-container\">\n\t\t\t\t\t\t\t\t\t<p style=\"color: #7a7a7a; font-size: 18px; text-align: justify;\"><span style=\"font-family: var( --e-global-typography-text-font-family ), Sans-serif; background-color: var(--wp--preset--color--background);\">Alors que la <\/span><b style=\"font-family: var( --e-global-typography-text-font-family ), Sans-serif; background-color: var(--wp--preset--color--background);\">conqu\u00eate romaine<\/b><span style=\"font-family: var( --e-global-typography-text-font-family ), Sans-serif; background-color: var(--wp--preset--color--background);\"> se r\u00e9pand, l\u2019occupation du site de Saint Marcel diminue. Par contre, une riche ville antique se d\u00e9veloppe dans la plaine sous le village actuel. Ce serait \u00ab\u00a0<\/span><b style=\"font-family: var( --e-global-typography-text-font-family ), Sans-serif; background-color: var(--wp--preset--color--background);\">Altonum<\/b><span style=\"font-family: var( --e-global-typography-text-font-family ), Sans-serif; background-color: var(--wp--preset--color--background);\">\u00a0\u00bb, chef-lieu du \u00ab\u00a0<\/span><b style=\"font-family: var( --e-global-typography-text-font-family ), Sans-serif; background-color: var(--wp--preset--color--background);\">Pagus\u00a0Aletanus<\/b><span style=\"font-family: var( --e-global-typography-text-font-family ), Sans-serif; background-color: var(--wp--preset--color--background);\"> \u00bb.<\/span><\/p><p style=\"color: #7a7a7a; font-size: 18px; text-align: justify;\">Les fouilles pr\u00e9ventives de\u00a0<b>l\u2019INRAP<\/b>\u00a0men\u00e9es ponctuellement depuis 2013, confirment l\u2019importance de la cit\u00e9 romaine par la mise \u00e0 jour d\u2019une voie bord\u00e9e de colonnes et de boutiques, d\u2019habitats, d\u2019une mosa\u00efque, d\u2019ateliers dont deux fours de verriers<\/p><p style=\"color: #7a7a7a; font-size: 18px; text-align: justify;\">En 2022, d\u2019autres <b>fouilles<\/b> pr\u00e9ventives ouvrent une nouvelle page d\u2019Histoire en r\u00e9v\u00e9lant un habitat n\u00e9olithique de l\u2019\u00e2ge du bronze ancien.<\/p><p style=\"color: #7a7a7a; font-size: 18px; text-align: justify;\"><span style=\"font-family: var( --e-global-typography-text-font-family ), Sans-serif; background-color: var(--wp--preset--color--background);\">Ainsi l\u2019aventure arch\u00e9ologique <b>exceptionnelle<\/b> du P\u00e8gue s\u2019enrichit et se poursuit\u2026<\/span><\/p>\t\t\t\t\t\t\t\t<\/div>\n\t\t\t\t<\/div>\n\t\t\t\t\t<\/div>\n\t\t<\/div>\n\t\t\t\t\t<\/div>\n\t\t<\/section>\n\t\t\t\t\t<\/div>\n\t\t<\/div>\n\t\t\t\t\t<\/div>\n\t\t<\/section>\n\t\t\t\t<\/div>\n\t\t","protected":false},"excerpt":{"rendered":"<p>Situ\u00e9 \u00e0 348m d\u2019altitude, au pied de la montagne de la Lance (1340m), sur les premiers contreforts des Pr\u00e9alpes, le P\u00e8gue est un pittoresque petit village b\u00e2ti sur le rocher autour de son ch\u00e2teau m\u00e9di\u00e9val. Riche d\u2019une histoire de plus de 6000 ans, il se niche au bas de l\u2019oppidum protohistorique de la colline Saint [&hellip;]<\/p>\n","protected":false},"author":1,"featured_media":0,"parent":0,"menu_order":2,"comment_status":"closed","ping_status":"closed","template":"","meta":{"_monsterinsights_skip_tracking":false,"_monsterinsights_sitenote_active":false,"_monsterinsights_sitenote_note":"","_monsterinsights_sitenote_category":0,"footnotes":""},"class_list":["post-36","page","type-page","status-publish","hentry"],"yoast_head":"<!-- This site is optimized with the Yoast SEO plugin v27.5 - https:\/\/yoast.com\/product\/yoast-seo-wordpress\/ -->\n<title>A propos - Mus\u00e9e Arch\u00e9ologique du P\u00e8gue<\/title>\n<meta name=\"robots\" content=\"index, follow, max-snippet:-1, max-image-preview:large, max-video-preview:-1\" \/>\n<link rel=\"canonical\" href=\"https:\/\/museedupegue.com\/index.php\/a-propos\/\" \/>\n<meta property=\"og:locale\" content=\"fr_FR\" \/>\n<meta property=\"og:type\" content=\"article\" \/>\n<meta property=\"og:title\" content=\"A propos - Mus\u00e9e Arch\u00e9ologique du P\u00e8gue\" \/>\n<meta property=\"og:description\" content=\"Situ\u00e9 \u00e0 348m d\u2019altitude, au pied de la montagne de la Lance (1340m), sur les premiers contreforts des Pr\u00e9alpes, le P\u00e8gue est un pittoresque petit village b\u00e2ti sur le rocher autour de son ch\u00e2teau m\u00e9di\u00e9val. Riche d\u2019une histoire de plus de 6000 ans, il se niche au bas de l\u2019oppidum protohistorique de la colline Saint [&hellip;]\" \/>\n<meta property=\"og:url\" content=\"https:\/\/museedupegue.com\/index.php\/a-propos\/\" \/>\n<meta property=\"og:site_name\" content=\"Mus\u00e9e Arch\u00e9ologique du P\u00e8gue\" \/>\n<meta property=\"article:publisher\" content=\"https:\/\/www.facebook.com\/MuseeArcheologiqueLePegue\" \/>\n<meta property=\"article:modified_time\" content=\"2026-03-30T10:54:08+00:00\" \/>\n<meta property=\"og:image\" content=\"https:\/\/museedupegue.com\/wp-content\/uploads\/2024\/02\/IMG_2677.jpg\" \/>\n\t<meta property=\"og:image:width\" content=\"750\" \/>\n\t<meta property=\"og:image:height\" content=\"498\" \/>\n\t<meta property=\"og:image:type\" content=\"image\/jpeg\" \/>\n<meta name=\"twitter:card\" content=\"summary_large_image\" \/>\n<meta name=\"twitter:label1\" content=\"Dur\u00e9e de lecture estim\u00e9e\" \/>\n\t<meta name=\"twitter:data1\" content=\"2 minutes\" \/>\n<script type=\"application\/ld+json\" class=\"yoast-schema-graph\">{\"@context\":\"https:\\\/\\\/schema.org\",\"@graph\":[{\"@type\":\"WebPage\",\"@id\":\"https:\\\/\\\/museedupegue.com\\\/index.php\\\/a-propos\\\/\",\"url\":\"https:\\\/\\\/museedupegue.com\\\/index.php\\\/a-propos\\\/\",\"name\":\"A propos - Mus\u00e9e Arch\u00e9ologique du P\u00e8gue\",\"isPartOf\":{\"@id\":\"https:\\\/\\\/museedupegue.com\\\/#website\"},\"primaryImageOfPage\":{\"@id\":\"https:\\\/\\\/museedupegue.com\\\/index.php\\\/a-propos\\\/#primaryimage\"},\"image\":{\"@id\":\"https:\\\/\\\/museedupegue.com\\\/index.php\\\/a-propos\\\/#primaryimage\"},\"thumbnailUrl\":\"https:\\\/\\\/museedupegue.com\\\/wp-content\\\/uploads\\\/2024\\\/02\\\/IMG_2677.jpg\",\"datePublished\":\"2022-12-12T09:13:10+00:00\",\"dateModified\":\"2026-03-30T10:54:08+00:00\",\"breadcrumb\":{\"@id\":\"https:\\\/\\\/museedupegue.com\\\/index.php\\\/a-propos\\\/#breadcrumb\"},\"inLanguage\":\"fr-FR\",\"potentialAction\":[{\"@type\":\"ReadAction\",\"target\":[\"https:\\\/\\\/museedupegue.com\\\/index.php\\\/a-propos\\\/\"]}]},{\"@type\":\"ImageObject\",\"inLanguage\":\"fr-FR\",\"@id\":\"https:\\\/\\\/museedupegue.com\\\/index.php\\\/a-propos\\\/#primaryimage\",\"url\":\"https:\\\/\\\/museedupegue.com\\\/wp-content\\\/uploads\\\/2024\\\/02\\\/IMG_2677.jpg\",\"contentUrl\":\"https:\\\/\\\/museedupegue.com\\\/wp-content\\\/uploads\\\/2024\\\/02\\\/IMG_2677.jpg\",\"width\":750,\"height\":498},{\"@type\":\"BreadcrumbList\",\"@id\":\"https:\\\/\\\/museedupegue.com\\\/index.php\\\/a-propos\\\/#breadcrumb\",\"itemListElement\":[{\"@type\":\"ListItem\",\"position\":1,\"name\":\"Accueil\",\"item\":\"https:\\\/\\\/museedupegue.com\\\/\"},{\"@type\":\"ListItem\",\"position\":2,\"name\":\"A propos\"}]},{\"@type\":\"WebSite\",\"@id\":\"https:\\\/\\\/museedupegue.com\\\/#website\",\"url\":\"https:\\\/\\\/museedupegue.com\\\/\",\"name\":\"Mus\u00e9e Arch\u00e9ologique du P\u00e8gue\",\"description\":\"Mus\u00e9e de site unique au monde !\",\"publisher\":{\"@id\":\"https:\\\/\\\/museedupegue.com\\\/#organization\"},\"potentialAction\":[{\"@type\":\"SearchAction\",\"target\":{\"@type\":\"EntryPoint\",\"urlTemplate\":\"https:\\\/\\\/museedupegue.com\\\/?s={search_term_string}\"},\"query-input\":{\"@type\":\"PropertyValueSpecification\",\"valueRequired\":true,\"valueName\":\"search_term_string\"}}],\"inLanguage\":\"fr-FR\"},{\"@type\":\"Organization\",\"@id\":\"https:\\\/\\\/museedupegue.com\\\/#organization\",\"name\":\"Mus\u00e9e Arch\u00e9ologique du P\u00e8gue\",\"url\":\"https:\\\/\\\/museedupegue.com\\\/\",\"logo\":{\"@type\":\"ImageObject\",\"inLanguage\":\"fr-FR\",\"@id\":\"https:\\\/\\\/museedupegue.com\\\/#\\\/schema\\\/logo\\\/image\\\/\",\"url\":\"https:\\\/\\\/museedupegue.com\\\/wp-content\\\/uploads\\\/2022\\\/12\\\/capture-logo-1.png\",\"contentUrl\":\"https:\\\/\\\/museedupegue.com\\\/wp-content\\\/uploads\\\/2022\\\/12\\\/capture-logo-1.png\",\"width\":314,\"height\":311,\"caption\":\"Mus\u00e9e Arch\u00e9ologique du P\u00e8gue\"},\"image\":{\"@id\":\"https:\\\/\\\/museedupegue.com\\\/#\\\/schema\\\/logo\\\/image\\\/\"},\"sameAs\":[\"https:\\\/\\\/www.facebook.com\\\/MuseeArcheologiqueLePegue\",\"https:\\\/\\\/www.instagram.com\\\/museearcheologiquelepegue\\\/\"]}]}<\/script>\n<!-- \/ Yoast SEO plugin. -->","yoast_head_json":{"title":"A propos - Mus\u00e9e Arch\u00e9ologique du P\u00e8gue","robots":{"index":"index","follow":"follow","max-snippet":"max-snippet:-1","max-image-preview":"max-image-preview:large","max-video-preview":"max-video-preview:-1"},"canonical":"https:\/\/museedupegue.com\/index.php\/a-propos\/","og_locale":"fr_FR","og_type":"article","og_title":"A propos - Mus\u00e9e Arch\u00e9ologique du P\u00e8gue","og_description":"Situ\u00e9 \u00e0 348m d\u2019altitude, au pied de la montagne de la Lance (1340m), sur les premiers contreforts des Pr\u00e9alpes, le P\u00e8gue est un pittoresque petit village b\u00e2ti sur le rocher autour de son ch\u00e2teau m\u00e9di\u00e9val. Riche d\u2019une histoire de plus de 6000 ans, il se niche au bas de l\u2019oppidum protohistorique de la colline Saint [&hellip;]","og_url":"https:\/\/museedupegue.com\/index.php\/a-propos\/","og_site_name":"Mus\u00e9e Arch\u00e9ologique du P\u00e8gue","article_publisher":"https:\/\/www.facebook.com\/MuseeArcheologiqueLePegue","article_modified_time":"2026-03-30T10:54:08+00:00","og_image":[{"width":750,"height":498,"url":"https:\/\/museedupegue.com\/wp-content\/uploads\/2024\/02\/IMG_2677.jpg","type":"image\/jpeg"}],"twitter_card":"summary_large_image","twitter_misc":{"Dur\u00e9e de lecture estim\u00e9e":"2 minutes"},"schema":{"@context":"https:\/\/schema.org","@graph":[{"@type":"WebPage","@id":"https:\/\/museedupegue.com\/index.php\/a-propos\/","url":"https:\/\/museedupegue.com\/index.php\/a-propos\/","name":"A propos - Mus\u00e9e Arch\u00e9ologique du P\u00e8gue","isPartOf":{"@id":"https:\/\/museedupegue.com\/#website"},"primaryImageOfPage":{"@id":"https:\/\/museedupegue.com\/index.php\/a-propos\/#primaryimage"},"image":{"@id":"https:\/\/museedupegue.com\/index.php\/a-propos\/#primaryimage"},"thumbnailUrl":"https:\/\/museedupegue.com\/wp-content\/uploads\/2024\/02\/IMG_2677.jpg","datePublished":"2022-12-12T09:13:10+00:00","dateModified":"2026-03-30T10:54:08+00:00","breadcrumb":{"@id":"https:\/\/museedupegue.com\/index.php\/a-propos\/#breadcrumb"},"inLanguage":"fr-FR","potentialAction":[{"@type":"ReadAction","target":["https:\/\/museedupegue.com\/index.php\/a-propos\/"]}]},{"@type":"ImageObject","inLanguage":"fr-FR","@id":"https:\/\/museedupegue.com\/index.php\/a-propos\/#primaryimage","url":"https:\/\/museedupegue.com\/wp-content\/uploads\/2024\/02\/IMG_2677.jpg","contentUrl":"https:\/\/museedupegue.com\/wp-content\/uploads\/2024\/02\/IMG_2677.jpg","width":750,"height":498},{"@type":"BreadcrumbList","@id":"https:\/\/museedupegue.com\/index.php\/a-propos\/#breadcrumb","itemListElement":[{"@type":"ListItem","position":1,"name":"Accueil","item":"https:\/\/museedupegue.com\/"},{"@type":"ListItem","position":2,"name":"A propos"}]},{"@type":"WebSite","@id":"https:\/\/museedupegue.com\/#website","url":"https:\/\/museedupegue.com\/","name":"Mus\u00e9e Arch\u00e9ologique du P\u00e8gue","description":"Mus\u00e9e de site unique au monde !","publisher":{"@id":"https:\/\/museedupegue.com\/#organization"},"potentialAction":[{"@type":"SearchAction","target":{"@type":"EntryPoint","urlTemplate":"https:\/\/museedupegue.com\/?s={search_term_string}"},"query-input":{"@type":"PropertyValueSpecification","valueRequired":true,"valueName":"search_term_string"}}],"inLanguage":"fr-FR"},{"@type":"Organization","@id":"https:\/\/museedupegue.com\/#organization","name":"Mus\u00e9e Arch\u00e9ologique du P\u00e8gue","url":"https:\/\/museedupegue.com\/","logo":{"@type":"ImageObject","inLanguage":"fr-FR","@id":"https:\/\/museedupegue.com\/#\/schema\/logo\/image\/","url":"https:\/\/museedupegue.com\/wp-content\/uploads\/2022\/12\/capture-logo-1.png","contentUrl":"https:\/\/museedupegue.com\/wp-content\/uploads\/2022\/12\/capture-logo-1.png","width":314,"height":311,"caption":"Mus\u00e9e Arch\u00e9ologique du P\u00e8gue"},"image":{"@id":"https:\/\/museedupegue.com\/#\/schema\/logo\/image\/"},"sameAs":["https:\/\/www.facebook.com\/MuseeArcheologiqueLePegue","https:\/\/www.instagram.com\/museearcheologiquelepegue\/"]}]}},"_links":{"self":[{"href":"https:\/\/museedupegue.com\/index.php\/wp-json\/wp\/v2\/pages\/36","targetHints":{"allow":["GET"]}}],"collection":[{"href":"https:\/\/museedupegue.com\/index.php\/wp-json\/wp\/v2\/pages"}],"about":[{"href":"https:\/\/museedupegue.com\/index.php\/wp-json\/wp\/v2\/types\/page"}],"author":[{"embeddable":true,"href":"https:\/\/museedupegue.com\/index.php\/wp-json\/wp\/v2\/users\/1"}],"replies":[{"embeddable":true,"href":"https:\/\/museedupegue.com\/index.php\/wp-json\/wp\/v2\/comments?post=36"}],"version-history":[{"count":59,"href":"https:\/\/museedupegue.com\/index.php\/wp-json\/wp\/v2\/pages\/36\/revisions"}],"predecessor-version":[{"id":522,"href":"https:\/\/museedupegue.com\/index.php\/wp-json\/wp\/v2\/pages\/36\/revisions\/522"}],"wp:attachment":[{"href":"https:\/\/museedupegue.com\/index.php\/wp-json\/wp\/v2\/media?parent=36"}],"curies":[{"name":"wp","href":"https:\/\/api.w.org\/{rel}","templated":true}]}}